{"version":"1.0","provider_name":"Cloudwalker - A Felh\u0151j\u00e1r\u00f3","provider_url":"https:\/\/cloudwalker.cafeblog.hu","author_name":"Nighthaven","author_url":"https:\/\/cloudwalker.cafeblog.hu\/author\/Nighthaven\/","title":"Kip\u00e9c\u00e9zve","html":"<P align=left><FONT size=2><SPAN style=\"FONT-SIZE: 11px; FONT-FAMILY: Arial\"><SPAN style=\"FONT-SIZE: 20px\"><SPAN style=\"FONT-SIZE: 13px\"><SPAN style=\"FONT-FAMILY: Verdana\"><SPAN style=\"COLOR: #333366\"><SPAN style=\"COLOR: #660033\"><SPAN style=\"COLOR: #800066\">Lassan r\u00e1sz\u00e1ntam<\/SPAN><\/SPAN><\/SPAN><SPAN style=\"COLOR: #800066\"> magam, hogy \u00edrjak, persze er\u0151teljesen taszig\u00e1lnak, bevonva k\u00fcl\u00f6nb\u00f6z\u0151 fog\u00f3csk\u00e1kba, <\/SPAN><\/SPAN><SPAN style=\"COLOR: #660033\"><SPAN style=\"COLOR: #800066\">l\u00e1sd ez az oszd meg amid van dolog:) K\u00f6sz\u00f6n\u00f6m <\/SPAN><A title=\"\" href=\"https:\/\/szempilla.cafeblog.hu\/\" target=_blank><SPAN style=\"COLOR: #800066\">pc-cske<\/SPAN><\/A><SPAN style=\"COLOR: #800066\"> a regisztr\u00e1l\u00e1st ebbe a j\u00e1t\u00e9kba<\/SPAN><\/SPAN><SPAN style=\"COLOR: #800066; FONT-FAMILY: Verdana\">:)<\/SPAN><\/SPAN><\/SPAN><\/SPAN><\/FONT><\/P>\r\n<P align=left><FONT size=2><SPAN style=\"FONT-SIZE: 11px; FONT-FAMILY: Arial\"><SPAN style=\"COLOR: #800066\"><\/SPAN><SPAN style=\"FONT-FAMILY: Verdana\"><SPAN style=\"FONT-SIZE: 24px; COLOR: #800066\"><\/SPAN><SPAN style=\"COLOR: #800066\"><\/SPAN><SPAN style=\"FONT-SIZE: 20px\"><SPAN style=\"FONT-SIZE: 13px; COLOR: #800066\"><\/SPAN><SPAN style=\"COLOR: #800066\"><\/SPAN><SPAN style=\"FONT-SIZE: 13px; COLOR: #800066\">Szab\u00e1lyok<\/SPAN><\/SPAN><\/SPAN><\/SPAN><\/P>\r\n<P align=left><SPAN style=\"FONT-SIZE: 11px; FONT-FAMILY: Arial\"><SPAN style=\"FONT-SIZE: 11px; FONT-FAMILY: Arial\"><\/SPAN><SPAN style=\"FONT-SIZE: 11px; FONT-FAMILY: Arial\"><SPAN style=\"COLOR: #800066\">1. <\/SPAN><SPAN style=\"FONT-SIZE: 13px\"><SPAN style=\"COLOR: #800066\"><\/SPAN><SPAN style=\"FONT-FAMILY: Times New Roman\"><SPAN style=\"COLOR: #800066; FONT-FAMILY: Verdana\"><\/SPAN><SPAN style=\"COLOR: #800066; FONT-FAMILY: Verdana\"><\/SPAN><SPAN style=\"COLOR: #800066; FONT-FAMILY: Verdana\">Linkeld be a blogodba azt, aki kip\u00e9c\u00e9zett<\/SPAN><\/SPAN><SPAN style=\"COLOR: #800066\">!<\/SPAN><\/SPAN><\/SPAN><\/SPAN><\/P>\r\n<P align=left><SPAN style=\"FONT-SIZE: 11px; FONT-FAMILY: Arial\"><SPAN style=\"COLOR: #800066\"><\/SPAN><SPAN style=\"FONT-SIZE: 13px\"><SPAN style=\"COLOR: #800066\"><\/SPAN><SPAN style=\"COLOR: #800066; FONT-FAMILY: Verdana\">2. Ossz meg magadr\u00f3l 7 dolgot, ak\u00e1r k\u00fcl\u00f6nleges, ak\u00e1r h\u00e9tk\u00f6znapi<\/SPAN><SPAN style=\"COLOR: #800066; FONT-FAMILY: Verdana\">!<\/SPAN><\/SPAN><\/SPAN><\/P>\r\n<P align=left><SPAN style=\"FONT-SIZE: 13px; FONT-FAMILY: Arial\"><SPAN style=\"COLOR: #800066\">3. <\/SPAN><SPAN style=\"COLOR: #800066; FONT-FAMILY: Verdana\">P\u00e9c\u00e9zz ki <\/SPAN><SPAN style=\"FONT-FAMILY: Verdana\"><SPAN style=\"COLOR: #800066; FONT-FAMILY: Verdana\">7 embert<\/SPAN><SPAN style=\"COLOR: #800066; FONT-FAMILY: Verdana\">, <\/SPAN><\/SPAN><SPAN style=\"FONT-FAMILY: Times New Roman\"><SPAN style=\"COLOR: #800066; FONT-FAMILY: Verdana\">nevezd <\/SPAN><SPAN style=\"COLOR: #800066; FONT-FAMILY: Verdana\">meg \u0151ket, \u00e9s linkeld be a blogodba<\/SPAN><\/SPAN><SPAN style=\"COLOR: #800066; FONT-FAMILY: Times New Roman\"><\/SPAN><SPAN style=\"COLOR: #800066\">!<\/SPAN><\/SPAN><\/P>\r\n<P align=left><SPAN style=\"FONT-SIZE: 11px; FONT-FAMILY: Arial\"><SPAN style=\"FONT-SIZE: 11px; FONT-FAMILY: Arial\"><SPAN style=\"COLOR: #800066\"><\/SPAN><SPAN style=\"FONT-SIZE: 13px; COLOR: #800066; FONT-FAMILY: Verdana\">4. Egy hozz\u00e1sz\u00f3l\u00e1sban \u00e9rtes\u00edtsd \u0151ket, hogy ki lettek p\u00e9c\u00e9zve<\/SPAN><\/SPAN><SPAN style=\"FONT-SIZE: 13px; COLOR: #800066; FONT-FAMILY: Verdana\">!<\/SPAN><\/SPAN><\/P><\/FONT><FONT face=Verdana size=2>\r\n<P><SPAN style=\"FONT-SIZE: 11px; FONT-FAMILY: Arial\"><SPAN style=\"COLOR: #800066\"><\/SPAN><SPAN style=\"FONT-SIZE: 14px; COLOR: #800066\">Akkor a 7 dolog, amir\u0151l eddig tal\u00e1n m\u00e9g nem tudtok&nbsp;(figyelem, ez nem sorrendi sk\u00e1la, nem lehet \u0151ket mi alapj\u00e1n rangsorolni):<\/SPAN><\/SPAN><\/P>\r\n<P><SPAN style=\"FONT-SIZE: 11px; FONT-FAMILY: Arial\"><\/SPAN><SPAN style=\"COLOR: #800066\">Hajlamos vagyok t\u00f6bbet, t\u00f6bbet \u00e9s t\u00f6bbet akarni a dolgokb\u00f3l. Teh\u00e1t ha egyszer elindul a vonat, nincs meg\u00e1ll\u00e1s. Legyen sz\u00f3 fizet\u00e9sr\u0151l, j\u00e1t\u00e9kr\u00f3l, f\u00e9nyk\u00e9pez\u00e9sr\u0151l, vagy sok minden m\u00e1sr\u00f3l. Meglehet\u0151sen telhetetlen vagyok. Az egyed\u00fcli v\u00e9szf\u00e9k az id\u0151nk\u00e9nt fel-fellobban\u00f3 lustas\u00e1gom.<\/SPAN><\/P>\r\n<P><SPAN style=\"COLOR: #800066\">Cicmic nagy f\u00e1ba v\u00e1gta a fejsz\u00e9j\u00e9t, amikor mellettem tette le a voks\u00e1t. B\u0151vebben: kor\u00e1bban sokkal mim\u00f3zalelk\u0171bb voltam, mint most. Kisebb volt az eg\u00f3m, vagy m\u00e1sabb. De experiment\u00e1lisan kifejlesztettem az izmos kis eg\u00f3mat. \u00cdgy azt\u00e1n t\u00e9nyleg van minek szikr\u00e1zni, amikor egym\u00e1snak fesz\u00fcl\u00fcnk. De \u00c9n drukkolok:) Eg\u00f3b\u00e1ty\u00f3 is:)<\/SPAN><\/P>\r\n<P><SPAN style=\"COLOR: #800066\">Szeretem a sz\u00e9lmalmokat. Legyen az&nbsp;Cervantes korabeli, vagy ak\u00e1r mostani, feh\u00e9r hatalmas propeller. Amikor vezetek, mindig \u00e1lm\u00e9lkodva b\u00e1mulok kifel\u00e9 a sz\u00e9lv\u00e9d\u0151n \u00e9s gy\u00f6ny\u00f6rk\u00f6d\u00f6m a t\u00e1voli, hatalmas feh\u00e9r l\u00e9gcsavarokban, ahogy hagyj\u00e1k, hogy a sz\u00e9l megcsiklandozza \u00e9s \u00e1tb\u00fajjon az ujjaik k\u00f6z\u00f6tt. Most \u00e9p\u00edtenek nyolc \u00fajat az M1-es mellett:) Csendben teszik a dolgukat, \u00f6r\u00fclnek, hogy f\u00fajja arcukat a sz\u00e9l \u00e9s bar\u00e1ts\u00e1gosak F\u00f6ld\u00fcnkkel.<\/SPAN><\/P>\r\n<P><SPAN style=\"COLOR: #800066\">Utaz\u00e1s. B\u00e1r ezt mindenki tudja, aki m\u00e1r kicsit is beleolvasott a blogba. Er\u0151s\u00edti a szabads\u00e1g \u00e9rzetem. Hacsak nem rohanok valahov\u00e1, mert id\u0151re kell oda\u00e9rnem, nem a leggyorsabb utat v\u00e1lasztom. Hov\u00e1 siessek. Olyan sz\u00e9p, ahol \u00e9l\u00fcnk. Szeretn\u00e9m felfedezni. \u00cdgy vannak kedvenc helyeim is az orsz\u00e1gban. Kett\u0151 k\u00f6z\u00fcl\u00fck igaz\u00e1n k\u00fcl\u00f6nleges. Ha gyorsan, c\u00e9lzottan hajtasz rajtuk kereszt\u00fcl (\u00fat visz \u00e1t rajtuk), akkor \u00e9szre sem veszed. Az egyik a Var\u00e1zserd\u0151. P\u00f6l\u00f6ske \u00e9s Bak k\u00f6z\u00f6tt ter\u00fcl el a 75-\u00f6s\u00f6n. Kanyarg\u00f3s, dimbes-dombos. Cir\u00f3gatja az erd\u0151 az utat. \u00c9s a v\u00e1ndort aki megl\u00e1togatja vagy \u00e1tutazik rajta. Nyitott szemmel. A m\u00e1sik egy hossz\u00fa plat\u00e1nfasor benne egy impoz\u00e1ns kanyarral. Magamban templomk\u00e9nt gondolok r\u00e1. K\u00e9t oldalt 5 m\u00e9terenk\u00e9nt \u00e1llnak a fa\u00f3ri\u00e1sok \u00e9s&nbsp;ha ki\u00e1llsz az \u00fat k\u00f6zep\u00e9re \u00e9s v\u00e9gig futtatod tekintetedet a l\u00e1tv\u00e1nyon, l\u00e1tod, hogy egy term\u00e9szetes templomot alkotnak a fat\u00f6rzsek \u00e9s fa\u00e1gak. Majd teszek fel r\u00f3la k\u00e9pet. Legut\u00f3bb k\u00e9t \u00f3r\u00e1t t\u00f6lt\u00f6ttem k\u00f6z\u00f6tt\u00fck. Azt mondj\u00e1k a plat\u00e1n lesz\u00edvja az ember energi\u00e1j\u00e1t b\u00e1r \u00e9n ezt egy\u00e1ltal\u00e1n nem \u00e9reztem. S\u0151t. Amikor legel\u0151sz\u00f6r felfedeztem \u00e9jszaka volt \u00e9s nagyon s\u00f6t\u00e9t.&nbsp;Ahogy&nbsp;az aut\u00f3val be\u00e9rtem a f\u00e1k k\u00f6z\u00e9, h\u00e1tborzongat\u00f3an(!) sz\u00e9pek voltak, ahogy a reflektor megvil\u00e1g\u00edtotta \u0151ket. Nem akartam ki\u00e9rni abb\u00f3l a gy\u00f6ny\u00f6r\u0171 \u00fatszakaszb\u00f3l, annyira tetszett.&nbsp;\u00c9s m\u00e9g sorolhatn\u00e9k rengeteg \u00e9lm\u00e9nyt, ami az utaz\u00e1shoz k\u00f6t\u0151dik. Nem k\u00fclf\u00f6ldr\u0151l van sz\u00f3. Itthonr\u00f3l. Magam vagyok az utaz\u00e1s. \u00c9s olyan sz\u00e9ps\u00e9ges ez a F\u00f6ld. Mindig r\u00e1csod\u00e1lkozom.<\/SPAN><\/P>\r\n<P><SPAN style=\"COLOR: #800066\">Csillag\u00e1szat. Meteores\u0151k. T\u00e1voli k\u00f6d\u00f6k. Ny\u00edlthalmazok. Kvaz\u00e1rok. Galaxisok. R\u00e9gi mes\u00e9k,&nbsp;amik csillagk\u00e9pekhez k\u00f6t\u0151dnek.&nbsp;Els\u0151 k\u00f6nyvem, amit \u00e9letemben \u00fagy kaptam, hogy akartam, hogy az eny\u00e9m legyen, az \u00c9g \u00e9s F\u00f6ld volt. Magam l\u00e1ttam meg a falubeli egyetlen vegyesbolt polc\u00e1n. Nem is tudom, mit kerestek ott egy\u00e1ltal\u00e1n k\u00f6nyvek. Nem ez a jellemz\u0151 a falusi boltokra. 30Ft volt \u00e9s Anya vette meg nekem, sz\u00fclinapomra. Eml\u00e9kszem, m\u00e9g milyen nagy volt akkor a vil\u00e1g. \u00c9s magasak a sorok, amin a Kapuc\u00edner \u00e9s t\u00e1rsai v\u00e1rt\u00e1k, hogy fel\u00e9j\u00fck ny\u00faltam.:) Akkor m\u00e9g nem volt olyan agressz\u00edv a marketing, mint manaps\u00e1g. Nem lehet k\u00f6nny\u0171 a ma gyermek\u00e9nek lenni. M\u00e9g mindig megvan. \u00dagy olvastam el, hogy a tartalomjegyz\u00e9kn\u00e9l kezdtem, \u00e9s a t\u00e1rgymutat\u00f3n\u00e1l fejeztem be. Minden oldalt. \u00c9s a t\u00e1rgymutat\u00f3ban ha tal\u00e1ltam ismeretlennek t\u0171n\u0151 sz\u00f3t, visszalapoztam \u00e9s m\u00e9g egyszer elolvastam. Nem tudom mennyit \u00e1rthatott a szememnek, de rengetegszer belen\u00e9ztem a napba. \u00dagy teljesen direkt. Nem tudtam r\u00f3la, hogy k\u00e1ros\u00edthatja a l\u00e1t\u00e1st. Addign\u00e9ztem, am\u00edg el nem v\u00e1lt a s\u00e1rg\u00e1sfeh\u00e9r napt\u00f3l egy v\u00f6r\u00f6sebb korong \u00e9s egym\u00e1son cs\u00faszk\u00e1lt a \"k\u00e9t\" \u00e9gitest. Annyira tetszik az univerzum. Tegnap is, amikor j\u00f6ttem hazafel\u00e9 Debrecenb\u0151l, n\u00e9ztem a lemen\u0151 napot \u00e9s tudatis\u00edtottam magamban, hogy az egy csillag, mint a megsz\u00e1ml\u00e1lhatalan sok pontocska fenn az \u00e9gen, \u00e9jszaka.&nbsp;Egy hasonl\u00f3&nbsp;pontocska \"karny\u00fajt\u00e1snyira\" pulz\u00e1l&nbsp;t\u0151l\u00fcnk.&nbsp;Ilyenkor teljesen m\u00e1s \u00e9rz\u00e9se t\u00e1mad az embernek. \u00c1t\u00e9rzi a kozmikus l\u00e9tet. Az elk\u00e9pzelhet\u0151 t\u00e1vols\u00e1gokat, dimenzi\u00f3kat, rel\u00e1ci\u00f3kat.<\/SPAN><\/P>\r\n<P><SPAN style=\"COLOR: #800066\">Az er\u0151s, szinte k\u00e9zzelfoghat\u00f3 \u00e9rz\u00e9s, hogy b\u00e1rmire k\u00e9pesek vagyunk. B\u00e1rmit megteremthet\u00fcnk magunknak, de sajnos nincs meg a kell\u0151 hit\u00fcnk magunkban. N\u00e1lam emell\u00e9 t\u00e1rsul m\u00e9g egy csatl\u00f3s: mindig m\u00e1ssal foglalkozom, mint amivel k\u00e9ne (most pld\u00e1ul a holnapi statisztika vizsg\u00e1val kellene foglalkoznom, mivel m\u00e9g csak ismerkedem a k\u00f6nyvek szag\u00e1val). \u00c9s ez egyfajta tehetetlens\u00e9g \u00e9rz\u00e9st sz\u00fcl az emberben. Spiritu\u00e1lis \u00e9nem kicsit mostohagyermeknek \u00e9rzi mag\u00e1t eddigi \u00e9letemben. \u00c9s kapom a feladatokat, az egyre er\u0151sebb jeleket, amik lassan val\u00f3ban r\u00e1k\u00e9nyszer\u00edtenek arra, hogy tudatos\u00edtsam magamban ezt az er\u0151t. K\u00f6zeledik, mert \u00e9rzem. De lust\u00e1nak lenni sokkal k\u00f6nnyebb.<\/SPAN><\/P>\r\n<P><\/FONT><SPAN style=\"FONT-SIZE: 11px; FONT-FAMILY: Arial\"><SPAN style=\"COLOR: #800066\"><\/SPAN><SPAN style=\"FONT-SIZE: 18px\"><SPAN style=\"COLOR: #800066\"><\/SPAN><SPAN style=\"FONT-SIZE: 14px\"><SPAN style=\"COLOR: #800066\"><\/SPAN><SPAN style=\"FONT-SIZE: 14px\"><SPAN style=\"COLOR: #800066\"><\/SPAN><SPAN style=\"FONT-FAMILY: Arial\"><SPAN style=\"COLOR: #800066\"><\/SPAN><SPAN style=\"FONT-SIZE: 13px\"><SPAN style=\"COLOR: #800066\"><\/SPAN><SPAN style=\"FONT-FAMILY: Arial\"><SPAN style=\"COLOR: #800066\"><\/SPAN><SPAN style=\"FONT-FAMILY: Verdana\"><SPAN style=\"COLOR: #800066\"><\/SPAN><SPAN style=\"FONT-FAMILY: Times New Roman\"><SPAN style=\"COLOR: #800066\"><\/SPAN><SPAN style=\"FONT-SIZE: 14px\"><SPAN style=\"COLOR: #800066\"><\/SPAN><SPAN style=\"FONT-FAMILY: Verdana\"><SPAN style=\"COLOR: #800066\"><\/SPAN><SPAN style=\"FONT-SIZE: 13px; COLOR: #800066\">Im\u00e1dtam zongor\u00e1zni. B\u00e1r er\u0151sen amat\u0151r szinten - 8 \u00e9vet tanultam - de m\u00e1r annyira, hogy \u00f6r\u00f6met tudtam szerezni a csal\u00e1dnak \u00e9s magamnak. Ha zongor\u00e1ztam, mindent elfe<\/SPAN><\/SPAN><\/SPAN><\/SPAN><\/SPAN><\/SPAN><SPAN style=\"FONT-SIZE: 13px; COLOR: #800066; FONT-FAMILY: Verdana\">lejtettem. Nem volt id\u0151m agyalni. Legal\u00e1bbis eleinte. Teljesen elmer\u00fcltem a zen\u00e9ben. K\u00e9s\u0151bb m\u00e1r annyira, hogy egy-k\u00e9t el\u0151ad\u00e1son - legyen az viszga, vagy rendezv\u00e9ny - elvesz\u00edtettem \u00f6nmagamat \u00e9s csak arra \u00e9bredtem, hogy m\u00e1r az utols\u00f3 p\u00e1r \u00fctemn\u00e9l j\u00e1rok \u00e9s v\u00e9ge. Befejeztem a darabot. Eml\u00e9kszem az elej\u00e9re \u00e9s a v\u00e9g\u00e9re, de ami a kett\u0151 k\u00f6z\u00f6tt volt.....akkor bizony m\u00e1shol j\u00e1rtam. Valahol m\u00e9lyen magamban. De \u00edgy sem hib<\/SPAN><SPAN style=\"FONT-SIZE: 13px; FONT-FAMILY: Verdana\"><SPAN style=\"COLOR: #800066; FONT-FAMILY: Verdana\">\u00e1ztam, mivel ut\u00e1naj\u00e1rtam, \u00e9szrevettek esetleg valami furcs\u00e1t a zen\u00e9ben. Pedig ap\u00e1m nem botf\u00fcl\u0171, meg m\u00e9g sokan m\u00e1sok sem....ha elk\u00f6lt\u00f6z\u00fcnk Pestr\u0151l, lesz egy <\/SPAN><SPAN style=\"COLOR: #800066; FONT-FAMILY: Verdana\">zongor\u00e1m. Elektromos zongora, de nem sima sz<\/SPAN><\/SPAN><SPAN style=\"COLOR: #800066; FONT-FAMILY: Verdana\">int<\/SPAN><SPAN style=\"FONT-FAMILY: Verdana\"><SPAN style=\"COLOR: #800066\">i. <\/SPAN><SPAN style=\"FONT-FAMILY: Verdana\"><SPAN style=\"COLOR: #800066\"><\/SPAN><SPAN style=\"COLOR: #660033; FONT-FAMILY: Verdana\"><SPAN style=\"COLOR: #800066\">Technika m\u00e1<\/SPAN><SPAN style=\"COLOR: #800066\">n<\/SPAN><\/SPAN><\/SPAN><\/SPAN><SPAN style=\"COLOR: #800066; FONT-FAMILY: Verdana\"><\/SPAN><SPAN style=\"COLOR: #800066; FONT-FAMILY: Verdana\">i\u00e1s vagyok ugyanis<\/SPAN><SPAN style=\"FONT-FAMILY: Verdana\"><SPAN style=\"COLOR: #800066; FONT-FAMILY: Verdana\">.<\/SPAN><SPAN style=\"COLOR: #800066\">..mint sokan tudj\u00e1k:)<\/SPAN><\/SPAN><\/SPAN><\/SPAN><\/SPAN><\/SPAN><\/SPAN><\/SPAN><\/P>\r\n<P><SPAN style=\"FONT-SIZE: 11px; FONT-FAMILY: Arial\"><SPAN style=\"FONT-SIZE: 18px\"><SPAN style=\"FONT-SIZE: 14px\"><SPAN style=\"FONT-SIZE: 14px\"><SPAN style=\"FONT-FAMILY: Arial\"><SPAN style=\"FONT-SIZE: 13px\"><SPAN style=\"FONT-FAMILY: Verdana\"><SPAN style=\"COLOR: #800066\">No, ez volt az els\u0151 h\u00e9t dolog ami eszembe jutott. \u00d6r\u00fcl\u00f6k, hogy megoszthattam Veletek.<\/SPAN><\/SPAN><\/SPAN><\/SPAN><\/SPAN><\/SPAN><\/SPAN><\/SPAN><\/P>\r\n<P><SPAN style=\"FONT-SIZE: 11px; FONT-FAMILY: Arial\"><SPAN style=\"FONT-SIZE: 18px\"><SPAN style=\"FONT-SIZE: 14px\"><SPAN style=\"FONT-SIZE: 14px\"><SPAN style=\"FONT-FAMILY: Arial\"><SPAN style=\"FONT-SIZE: 13px\"><SPAN style=\"FONT-FAMILY: Verdana\"><SPAN style=\"COLOR: #800066\">Ahogy eln\u00e9zem, Motyi nem \u00edrt m\u00e9g ilyesmit, holott m\u00e1r t\u00f6bbsz\u00f6r\u00f6s felk\u00e9r\u00e9se van, ez\u00e9rt esett r\u00e1 a v\u00e1laszt\u00e1som. Egy\u00e9bk\u00e9nt m\u00e9g sokan lenn\u00e9tek....;)Hajr\u00e1!:)<\/SPAN><\/SPAN><\/SPAN><\/SPAN><\/SPAN><\/SPAN><\/SPAN><\/SPAN><SPAN style=\"FONT-SIZE: 11px; FONT-FAMILY: Arial\"><\/P><\/SPAN>","type":"rich"}